{"id":54,"date":"2025-09-23T11:03:02","date_gmt":"2025-09-23T09:03:02","guid":{"rendered":"https:\/\/fisiocomas.es\/terapies-integrals-a-fisiocomas\/"},"modified":"2025-09-26T09:57:15","modified_gmt":"2025-09-26T07:57:15","slug":"terapies-integrals-a-fisiocomas","status":"publish","type":"page","link":"https:\/\/fisiocomas.es\/ca\/terapies-integrals-a-fisiocomas\/","title":{"rendered":"Ter\u00e0pies integrals a Fisiocomas"},"content":{"rendered":"<p><div class=\"fusion-fullwidth fullwidth-box fusion-builder-row-1 fusion-flex-container has-pattern-background has-mask-background fusion-parallax-none hundred-percent-fullwidth non-hundred-percent-height-scrolling\" style=\"--awb-border-radius-top-left:0px;--awb-border-radius-top-right:0px;--awb-border-radius-bottom-right:0px;--awb-border-radius-bottom-left:0px;--awb-background-image:url(&quot;https:\/\/fisiocomas.es\/wp-content\/uploads\/2025\/09\/arbre-terapias-naturales.webp&quot;);--awb-background-size:cover;--awb-flex-wrap:wrap;\" ><div class=\"fusion-builder-row fusion-row fusion-flex-align-items-flex-start fusion-flex-content-wrap\" style=\"width:104% !important;max-width:104% !important;margin-left: calc(-4% \/ 2 );margin-right: calc(-4% \/ 2 );\"><div class=\"fusion-layout-column fusion_builder_column fusion-builder-column-0 fusion_builder_column_1_1 1_1 fusion-flex-column\" style=\"--awb-padding-top:5%;--awb-padding-bottom:2%;--awb-bg-size:cover;--awb-width-large:100%;--awb-margin-top-large:0px;--awb-spacing-right-large:1.92%;--awb-margin-bottom-large:20px;--awb-spacing-left-large:1.92%;--awb-width-medium:100%;--awb-order-medium:0;--awb-spacing-right-medium:1.92%;--awb-spacing-left-medium:1.92%;--awb-width-small:100%;--awb-order-small:0;--awb-spacing-right-small:1.92%;--awb-spacing-left-small:1.92%;\"><div class=\"fusion-column-wrapper fusion-column-has-shadow fusion-flex-justify-content-flex-start fusion-content-layout-column\"><div class=\"fusion-title title fusion-title-1 fusion-sep-none fusion-title-center fusion-title-text fusion-title-size-one fusion-text-has-stroke\" style=\"--awb-text-color:var(--awb-color1);--awb-text-stroke-color:var(--awb-color7);--awb-font-size:40px;\"><h1 class=\"fusion-title-heading title-heading-center\" style=\"font-family:&quot;DM Sans&quot;;font-style:normal;font-weight:700;margin:0;font-size:1em;\">Ter\u00e0pies integrals a Fisiocomas<\/h1><\/div><\/div><\/div><\/div><\/div><div class=\"fusion-fullwidth fullwidth-box fusion-builder-row-2 fusion-flex-container has-pattern-background has-mask-background nonhundred-percent-fullwidth non-hundred-percent-height-scrolling\" style=\"--awb-border-radius-top-left:0px;--awb-border-radius-top-right:0px;--awb-border-radius-bottom-right:0px;--awb-border-radius-bottom-left:0px;--awb-margin-top:73px;--awb-margin-top-small:120px;--awb-flex-wrap:wrap;\" ><div class=\"fusion-builder-row fusion-row fusion-flex-align-items-center fusion-flex-justify-content-center fusion-flex-content-wrap\" style=\"max-width:1248px;margin-left: calc(-4% \/ 2 );margin-right: calc(-4% \/ 2 );\"><div class=\"fusion-layout-column fusion_builder_column fusion-builder-column-1 fusion_builder_column_1_1 1_1 fusion-flex-column\" style=\"--awb-padding-bottom:31px;--awb-bg-size:cover;--awb-width-large:100%;--awb-margin-top-large:0px;--awb-spacing-right-large:1.92%;--awb-margin-bottom-large:51px;--awb-spacing-left-large:1.92%;--awb-width-medium:100%;--awb-order-medium:0;--awb-spacing-right-medium:1.92%;--awb-spacing-left-medium:1.92%;--awb-width-small:100%;--awb-order-small:0;--awb-spacing-right-small:1.92%;--awb-margin-bottom-small:40px;--awb-spacing-left-small:1.92%;\"><div class=\"fusion-column-wrapper fusion-column-has-shadow fusion-flex-justify-content-flex-start fusion-content-layout-column\"><div class=\"fusion-title title fusion-title-2 fusion-sep-none fusion-title-text fusion-title-size-two\" style=\"--awb-margin-top:20px;\"><h2 class=\"fusion-title-heading title-heading-left\" style=\"margin:0;\">Les nostres ter\u00e0pies<\/h2><\/div><div class=\"fusion-text fusion-text-1\"><p data-start=\"76\" data-end=\"611\">A Fisiocomas, <strong data-start=\"91\" data-end=\"132\">les ter\u00e0pies integrals a Fisiocomas<\/strong> combinen diverses disciplines per tenir cura del vostre benestar f\u00edsic i emocional d\u2019una manera hol\u00edstica. El nostre equip de professionals altament qualificats adapta cada tractament a les vostres necessitats, estimulant la capacitat natural del cos per recuperar-se i mantenir l\u2019equilibri. Des de fisioter\u00e0pia i osteopatia, fins a reeducaci\u00f3 postural, s\u00f2l pelvi\u00e0, acupuntura i oncologia integrativa, totes les nostres ter\u00e0pies treballen en harmonia per oferir-vos salut i qualitat de vida.<\/p>\n<\/div><\/div><\/div><div class=\"fusion-layout-column fusion_builder_column fusion-builder-column-2 fusion-flex-column\" style=\"--awb-bg-size:cover;--awb-transition:filter 600ms ease, transform 600ms ease, background-color 600ms ease, border-color 600ms ease;--awb-width-large:30%;--awb-margin-top-large:0px;--awb-spacing-right-large:6.4%;--awb-margin-bottom-large:0px;--awb-spacing-left-large:6.4%;--awb-width-medium:30%;--awb-order-medium:0;--awb-spacing-right-medium:6.4%;--awb-spacing-left-medium:6.4%;--awb-width-small:100%;--awb-order-small:0;--awb-spacing-right-small:1.92%;--awb-spacing-left-small:1.92%;\" data-motion-effects=\"[{&quot;type&quot;:&quot;scroll&quot;,&quot;scroll_type&quot;:&quot;fade&quot;,&quot;fade_type&quot;:&quot;in&quot;,&quot;end_element&quot;:&quot;center&quot;,&quot;end_viewport&quot;:&quot;center&quot;},{&quot;type&quot;:&quot;scroll&quot;,&quot;end_element&quot;:&quot;center&quot;,&quot;end_viewport&quot;:&quot;center&quot;}]\" data-scroll-devices=\"medium-visibility,large-visibility\"><div class=\"fusion-column-wrapper fusion-column-has-shadow fusion-flex-justify-content-flex-start fusion-content-layout-column\"><div class=\"fusion-builder-row fusion-builder-row-inner fusion-row fusion-flex-align-items-center fusion-flex-justify-content-center fusion-flex-content-wrap\" style=\"width:104% !important;max-width:104% !important;margin-left: calc(-4% \/ 2 );margin-right: calc(-4% \/ 2 );\"><div class=\"fusion-layout-column fusion_builder_column_inner fusion-builder-nested-column-0 fusion_builder_column_inner_1_1 1_1 fusion-flex-column\" style=\"--awb-padding-top:60px;--awb-padding-right:40px;--awb-padding-bottom:55px;--awb-padding-left:40px;--awb-overflow:hidden;--awb-bg-size:cover;--awb-box-shadow:2px 2px 40px 0px hsla(var(--awb-color8-h),var(--awb-color8-s),var(--awb-color8-l),calc(var(--awb-color8-a) - 90%));;--awb-border-radius:0px 0px 0px 25px;--awb-transform:translateY(0px);--awb-transform-hover:translateY(-10px);--awb-width-large:100%;--awb-margin-top-large:0px;--awb-spacing-right-large:1.92%;--awb-margin-bottom-large:55px;--awb-spacing-left-large:1.92%;--awb-width-medium:100%;--awb-order-medium:0;--awb-spacing-right-medium:1.92%;--awb-spacing-left-medium:1.92%;--awb-width-small:100%;--awb-order-small:0;--awb-spacing-right-small:1.92%;--awb-spacing-left-small:1.92%;\"><div class=\"fusion-column-wrapper fusion-column-has-shadow fusion-flex-justify-content-flex-start fusion-content-layout-column\"><div class=\"fusion-title title fusion-title-3 fusion-sep-none fusion-title-center fusion-title-text fusion-title-size-three\" style=\"--awb-margin-bottom:10px;--awb-font-size:25px;\"><h3 class=\"fusion-title-heading title-heading-center\" style=\"margin:0;font-size:1em;\">Fisioter\u00e0pia<\/h3><\/div><div class=\"fusion-text fusion-text-2\"><p>Se centra en la recuperaci\u00f3 funcional de m\u00fasculs, articulacions i lligaments. Inclou t\u00e8cniques manuals, estiraments, massoter\u00e0pia i exercicis personalitzats per alleujar el dolor i prevenir lesions.<\/p>\n<\/div><\/div><\/div><div class=\"fusion-layout-column fusion_builder_column_inner fusion-builder-nested-column-1 fusion_builder_column_inner_1_1 1_1 fusion-flex-column\" style=\"--awb-padding-top:60px;--awb-padding-right:40px;--awb-padding-bottom:60px;--awb-padding-left:40px;--awb-padding-bottom-small:55px;--awb-overflow:hidden;--awb-bg-size:cover;--awb-box-shadow:2px 2px 40px 0px hsla(var(--awb-color8-h),var(--awb-color8-s),var(--awb-color8-l),calc(var(--awb-color8-a) - 90%));;--awb-border-radius:0px 0px 0px 25px;--awb-transform:translateY(0px);--awb-transform-hover:translateY(-10px);--awb-width-large:100%;--awb-margin-top-large:0px;--awb-spacing-right-large:1.92%;--awb-margin-bottom-large:0px;--awb-spacing-left-large:1.92%;--awb-width-medium:100%;--awb-order-medium:0;--awb-spacing-right-medium:1.92%;--awb-spacing-left-medium:1.92%;--awb-width-small:100%;--awb-order-small:0;--awb-spacing-right-small:1.92%;--awb-spacing-left-small:1.92%;\"><div class=\"fusion-column-wrapper fusion-column-has-shadow fusion-flex-justify-content-flex-start fusion-content-layout-column\"><div class=\"fusion-title title fusion-title-4 fusion-sep-none fusion-title-center fusion-title-text fusion-title-size-three\" style=\"--awb-margin-bottom:10px;--awb-font-size:25px;\"><h3 class=\"fusion-title-heading title-heading-center\" style=\"margin:0;font-size:1em;\">Osteopatia<\/h3><\/div><div class=\"fusion-text fusion-text-3\"><p>Una ter\u00e0pia manual que tracta el cos com un tot. S\u2019utilitzen manipulacions suaus i espec\u00edfiques per millorar la mobilitat, la postura i l\u2019equilibri global de l\u2019organisme.<\/p>\n<\/div><\/div><\/div><\/div><\/div><\/div><div class=\"fusion-layout-column fusion_builder_column fusion-builder-column-3 fusion-flex-column\" style=\"--awb-bg-size:cover;--awb-transition:filter 600ms ease, transform 600ms ease, background-color 600ms ease, border-color 600ms ease;--awb-width-large:30%;--awb-margin-top-large:-100px;--awb-spacing-right-large:6.4%;--awb-margin-bottom-large:0px;--awb-spacing-left-large:6.4%;--awb-width-medium:30%;--awb-order-medium:0;--awb-spacing-right-medium:6.4%;--awb-spacing-left-medium:6.4%;--awb-width-small:100%;--awb-order-small:0;--awb-margin-top-small:55px;--awb-spacing-right-small:1.92%;--awb-spacing-left-small:1.92%;\" data-motion-effects=\"[{&quot;type&quot;:&quot;scroll&quot;,&quot;scroll_type&quot;:&quot;fade&quot;,&quot;end_element&quot;:&quot;center&quot;,&quot;end_viewport&quot;:&quot;center&quot;},{&quot;type&quot;:&quot;scroll&quot;,&quot;end_element&quot;:&quot;center&quot;,&quot;end_viewport&quot;:&quot;center&quot;}]\" data-scroll-devices=\"medium-visibility,large-visibility\"><div class=\"fusion-column-wrapper fusion-column-has-shadow fusion-flex-justify-content-flex-start fusion-content-layout-column\"><div class=\"fusion-builder-row fusion-builder-row-inner fusion-row fusion-flex-align-items-center fusion-flex-justify-content-center fusion-flex-content-wrap\" style=\"width:104% !important;max-width:104% !important;margin-left: calc(-4% \/ 2 );margin-right: calc(-4% \/ 2 );\"><div class=\"fusion-layout-column fusion_builder_column_inner fusion-builder-nested-column-2 fusion_builder_column_inner_1_1 1_1 fusion-flex-column\" style=\"--awb-padding-top:60px;--awb-padding-right:40px;--awb-padding-bottom:60px;--awb-padding-left:40px;--awb-overflow:hidden;--awb-bg-size:cover;--awb-box-shadow:2px 2px 40px 0px hsla(var(--awb-color8-h),var(--awb-color8-s),var(--awb-color8-l),calc(var(--awb-color8-a) - 90%));;--awb-border-radius:0px 0px 0px 25px;--awb-transform:translateY(0px);--awb-transform-hover:translateY(-10px);--awb-width-large:100%;--awb-margin-top-large:0px;--awb-spacing-right-large:1.92%;--awb-margin-bottom-large:55px;--awb-spacing-left-large:1.92%;--awb-width-medium:100%;--awb-order-medium:0;--awb-spacing-right-medium:1.92%;--awb-spacing-left-medium:1.92%;--awb-width-small:100%;--awb-order-small:0;--awb-spacing-right-small:1.92%;--awb-spacing-left-small:1.92%;\"><div class=\"fusion-column-wrapper fusion-column-has-shadow fusion-flex-justify-content-flex-start fusion-content-layout-column\"><div class=\"fusion-title title fusion-title-5 fusion-sep-none fusion-title-center fusion-title-text fusion-title-size-three\" style=\"--awb-margin-bottom:10px;--awb-font-size:25px;\"><h3 class=\"fusion-title-heading title-heading-center\" style=\"margin:0;font-size:1em;\">S\u00f2l pelvi\u00e0<\/h3><\/div><div class=\"fusion-text fusion-text-4\"><p>Tractament especialitzat per a la musculatura pelviana, clau en la recuperaci\u00f3 postpart, la prevenci\u00f3 de la incontin\u00e8ncia urin\u00e0ria i la millora del benestar \u00edntim.<\/p>\n<\/div><\/div><\/div><div class=\"fusion-layout-column fusion_builder_column_inner fusion-builder-nested-column-3 fusion_builder_column_inner_1_1 1_1 fusion-flex-column\" style=\"--awb-padding-top:60px;--awb-padding-right:40px;--awb-padding-bottom:60px;--awb-padding-left:40px;--awb-overflow:hidden;--awb-bg-size:cover;--awb-box-shadow:2px 2px 40px 0px hsla(var(--awb-color8-h),var(--awb-color8-s),var(--awb-color8-l),calc(var(--awb-color8-a) - 90%));;--awb-border-radius:0px 0px 0px 25px;--awb-transform:translateY(0px);--awb-transform-hover:translateY(-10px);--awb-width-large:100%;--awb-margin-top-large:0px;--awb-spacing-right-large:1.92%;--awb-margin-bottom-large:0px;--awb-spacing-left-large:1.92%;--awb-width-medium:100%;--awb-order-medium:0;--awb-spacing-right-medium:1.92%;--awb-spacing-left-medium:1.92%;--awb-width-small:100%;--awb-order-small:0;--awb-spacing-right-small:1.92%;--awb-spacing-left-small:1.92%;\"><div class=\"fusion-column-wrapper fusion-column-has-shadow fusion-flex-justify-content-flex-start fusion-content-layout-column\"><div class=\"fusion-title title fusion-title-6 fusion-sep-none fusion-title-center fusion-title-text fusion-title-size-three\" style=\"--awb-margin-bottom:10px;--awb-font-size:25px;\"><h3 class=\"fusion-title-heading title-heading-center\" style=\"margin:0;font-size:1em;\">Acupuntura<\/h3><\/div><div class=\"fusion-text fusion-text-5\"><p>Basada en la medicina tradicional xinesa, consisteix en la inserci\u00f3 d\u2019agulles fines en punts espec\u00edfics del cos per equilibrar l\u2019energia vital, reduir l\u2019estr\u00e8s i alleujar dolors.<\/p>\n<\/div><\/div><\/div><\/div><\/div><\/div><div class=\"fusion-layout-column fusion_builder_column fusion-builder-column-4 fusion-flex-column\" style=\"--awb-bg-size:cover;--awb-transition:filter 600ms ease, transform 600ms ease, background-color 600ms ease, border-color 600ms ease;--awb-width-large:30%;--awb-margin-top-large:0px;--awb-spacing-right-large:6.4%;--awb-margin-bottom-large:0px;--awb-spacing-left-large:6.4%;--awb-width-medium:30%;--awb-order-medium:0;--awb-spacing-right-medium:6.4%;--awb-spacing-left-medium:6.4%;--awb-width-small:100%;--awb-order-small:0;--awb-margin-top-small:55px;--awb-spacing-right-small:1.92%;--awb-spacing-left-small:1.92%;\" data-motion-effects=\"[{&quot;type&quot;:&quot;scroll&quot;,&quot;scroll_type&quot;:&quot;fade&quot;,&quot;end_element&quot;:&quot;center&quot;,&quot;end_viewport&quot;:&quot;center&quot;},{&quot;type&quot;:&quot;scroll&quot;,&quot;end_element&quot;:&quot;center&quot;,&quot;end_viewport&quot;:&quot;center&quot;}]\" data-scroll-devices=\"medium-visibility,large-visibility\"><div class=\"fusion-column-wrapper fusion-column-has-shadow fusion-flex-justify-content-flex-start fusion-content-layout-column\"><div class=\"fusion-builder-row fusion-builder-row-inner fusion-row fusion-flex-align-items-center fusion-flex-justify-content-center fusion-flex-content-wrap\" style=\"width:104% !important;max-width:104% !important;margin-left: calc(-4% \/ 2 );margin-right: calc(-4% \/ 2 );\"><div class=\"fusion-layout-column fusion_builder_column_inner fusion-builder-nested-column-4 fusion_builder_column_inner_1_1 1_1 fusion-flex-column\" style=\"--awb-padding-top:60px;--awb-padding-right:40px;--awb-padding-bottom:60px;--awb-padding-left:40px;--awb-overflow:hidden;--awb-bg-size:cover;--awb-box-shadow:2px 2px 40px 0px hsla(var(--awb-color8-h),var(--awb-color8-s),var(--awb-color8-l),calc(var(--awb-color8-a) - 90%));;--awb-border-radius:0px 0px 0px 25px;--awb-transform:translateY(0px);--awb-transform-hover:translateY(-10px);--awb-width-large:100%;--awb-margin-top-large:0px;--awb-spacing-right-large:1.92%;--awb-margin-bottom-large:55px;--awb-spacing-left-large:1.92%;--awb-width-medium:100%;--awb-order-medium:0;--awb-spacing-right-medium:1.92%;--awb-spacing-left-medium:1.92%;--awb-width-small:100%;--awb-order-small:0;--awb-spacing-right-small:1.92%;--awb-spacing-left-small:1.92%;\"><div class=\"fusion-column-wrapper fusion-column-has-shadow fusion-flex-justify-content-flex-start fusion-content-layout-column\"><div class=\"fusion-title title fusion-title-7 fusion-sep-none fusion-title-center fusion-title-text fusion-title-size-three\" style=\"--awb-margin-bottom:10px;--awb-font-size:25px;\"><h3 class=\"fusion-title-heading title-heading-center\" style=\"margin:0;font-size:1em;\">Psiconeuroimmunologia (PNI)<\/h3><\/div><div class=\"fusion-text fusion-text-6\"><p>Enfocament que connecta la nutrici\u00f3, la psicologia i la biologia per entendre com els h\u00e0bits i les emocions afecten la salut. Ajuda a prevenir i tractar problemes cr\u00f2nics des d\u2019una visi\u00f3 integral.<\/p>\n<\/div><\/div><\/div><div class=\"fusion-layout-column fusion_builder_column_inner fusion-builder-nested-column-5 fusion_builder_column_inner_1_1 1_1 fusion-flex-column\" style=\"--awb-padding-top:60px;--awb-padding-right:40px;--awb-padding-bottom:60px;--awb-padding-left:40px;--awb-overflow:hidden;--awb-bg-size:cover;--awb-box-shadow:2px 2px 40px 0px hsla(var(--awb-color8-h),var(--awb-color8-s),var(--awb-color8-l),calc(var(--awb-color8-a) - 90%));;--awb-border-radius:0px 0px 0px 25px;--awb-transform:translateY(0px);--awb-transform-hover:translateY(-10px);--awb-width-large:100%;--awb-margin-top-large:0px;--awb-spacing-right-large:1.92%;--awb-margin-bottom-large:0px;--awb-spacing-left-large:1.92%;--awb-width-medium:100%;--awb-order-medium:0;--awb-spacing-right-medium:1.92%;--awb-spacing-left-medium:1.92%;--awb-width-small:100%;--awb-order-small:0;--awb-spacing-right-small:1.92%;--awb-spacing-left-small:1.92%;\"><div class=\"fusion-column-wrapper fusion-column-has-shadow fusion-flex-justify-content-flex-start fusion-content-layout-column\"><div class=\"fusion-title title fusion-title-8 fusion-sep-none fusion-title-center fusion-title-text fusion-title-size-three\" style=\"--awb-margin-bottom:10px;--awb-font-size:25px;\"><h3 class=\"fusion-title-heading title-heading-center\" style=\"margin:0;font-size:1em;\">Oncologia integrativa<\/h3><\/div><div class=\"fusion-text fusion-text-7\"><p>Acompanyament terap\u00e8utic a pacients amb c\u00e0ncer. Combina fisioter\u00e0pia, nutrici\u00f3, t\u00e8cniques de relaxaci\u00f3 i suport emocional per millorar la qualitat de vida durant els tractaments m\u00e8dics.<\/p>\n<\/div><\/div><\/div><\/div><\/div><\/div><\/div><\/div><\/p>\n","protected":false},"excerpt":{"rendered":"","protected":false},"author":1,"featured_media":0,"parent":0,"menu_order":0,"comment_status":"closed","ping_status":"closed","template":"100-width.php","meta":{"footnotes":""},"class_list":["post-54","page","type-page","status-publish","hentry"],"yoast_head":"<!-- This site is optimized with the Yoast SEO plugin v26.0 - https:\/\/yoast.com\/wordpress\/plugins\/seo\/ -->\n<title>Ter\u00e0pies integrals a Fisiocomas - Fisio Comas<\/title>\n<meta name=\"description\" content=\"Les ter\u00e0pies integrals a Fisiocomes combinen diferents disciplines per cuidar el teu benestar f\u00edsic i emocional de manera hol\u00edstica.\" \/>\n<meta name=\"robots\" content=\"index, follow, max-snippet:-1, max-image-preview:large, max-video-preview:-1\" \/>\n<link rel=\"canonical\" href=\"https:\/\/fisiocomas.es\/terapias-integrales-en-fisiocomas\/\" \/>\n<meta property=\"og:locale\" content=\"ca_ES\" \/>\n<meta property=\"og:type\" content=\"article\" \/>\n<meta property=\"og:title\" content=\"Ter\u00e0pies integrals a Fisiocomas - Fisio Comas\" \/>\n<meta property=\"og:description\" content=\"Les ter\u00e0pies integrals a Fisiocomes combinen diferents disciplines per cuidar el teu benestar f\u00edsic i emocional de manera hol\u00edstica.\" \/>\n<meta property=\"og:url\" content=\"https:\/\/fisiocomas.es\/terapias-integrales-en-fisiocomas\/\" \/>\n<meta property=\"og:site_name\" content=\"Fisio Comas\" \/>\n<meta property=\"article:modified_time\" content=\"2025-09-26T07:57:15+00:00\" \/>\n<meta name=\"twitter:card\" content=\"summary_large_image\" \/>\n<meta name=\"twitter:label1\" content=\"Temps estimat de lectura\" \/>\n\t<meta name=\"twitter:data1\" content=\"2 minuts\" \/>\n<script type=\"application\/ld+json\" class=\"yoast-schema-graph\">{\"@context\":\"https:\/\/schema.org\",\"@graph\":[{\"@type\":\"WebPage\",\"@id\":\"https:\/\/fisiocomas.es\/terapias-integrales-en-fisiocomas\/\",\"url\":\"https:\/\/fisiocomas.es\/terapias-integrales-en-fisiocomas\/\",\"name\":\"Ter\u00e0pies integrals a Fisiocomas - Fisio Comas\",\"isPartOf\":{\"@id\":\"https:\/\/fisiocomas.es\/#website\"},\"datePublished\":\"2025-09-23T09:03:02+00:00\",\"dateModified\":\"2025-09-26T07:57:15+00:00\",\"description\":\"Les ter\u00e0pies integrals a Fisiocomes combinen diferents disciplines per cuidar el teu benestar f\u00edsic i emocional de manera hol\u00edstica.\",\"breadcrumb\":{\"@id\":\"https:\/\/fisiocomas.es\/terapias-integrales-en-fisiocomas\/#breadcrumb\"},\"inLanguage\":\"ca\",\"potentialAction\":[{\"@type\":\"ReadAction\",\"target\":[\"https:\/\/fisiocomas.es\/terapias-integrales-en-fisiocomas\/\"]}]},{\"@type\":\"BreadcrumbList\",\"@id\":\"https:\/\/fisiocomas.es\/terapias-integrales-en-fisiocomas\/#breadcrumb\",\"itemListElement\":[{\"@type\":\"ListItem\",\"position\":1,\"name\":\"Portada\",\"item\":\"https:\/\/fisiocomas.es\/ca\/\"},{\"@type\":\"ListItem\",\"position\":2,\"name\":\"Ter\u00e0pies integrals a Fisiocomas\"}]},{\"@type\":\"WebSite\",\"@id\":\"https:\/\/fisiocomas.es\/#website\",\"url\":\"https:\/\/fisiocomas.es\/\",\"name\":\"Fisio Comas\",\"description\":\"Centro de fisioterapia en Balaguer\",\"potentialAction\":[{\"@type\":\"SearchAction\",\"target\":{\"@type\":\"EntryPoint\",\"urlTemplate\":\"https:\/\/fisiocomas.es\/?s={search_term_string}\"},\"query-input\":{\"@type\":\"PropertyValueSpecification\",\"valueRequired\":true,\"valueName\":\"search_term_string\"}}],\"inLanguage\":\"ca\"}]}<\/script>\n<!-- \/ Yoast SEO plugin. -->","yoast_head_json":{"title":"Ter\u00e0pies integrals a Fisiocomas - Fisio Comas","description":"Les ter\u00e0pies integrals a Fisiocomes combinen diferents disciplines per cuidar el teu benestar f\u00edsic i emocional de manera hol\u00edstica.","robots":{"index":"index","follow":"follow","max-snippet":"max-snippet:-1","max-image-preview":"max-image-preview:large","max-video-preview":"max-video-preview:-1"},"canonical":"https:\/\/fisiocomas.es\/terapias-integrales-en-fisiocomas\/","og_locale":"ca_ES","og_type":"article","og_title":"Ter\u00e0pies integrals a Fisiocomas - Fisio Comas","og_description":"Les ter\u00e0pies integrals a Fisiocomes combinen diferents disciplines per cuidar el teu benestar f\u00edsic i emocional de manera hol\u00edstica.","og_url":"https:\/\/fisiocomas.es\/terapias-integrales-en-fisiocomas\/","og_site_name":"Fisio Comas","article_modified_time":"2025-09-26T07:57:15+00:00","twitter_card":"summary_large_image","twitter_misc":{"Temps estimat de lectura":"2 minuts"},"schema":{"@context":"https:\/\/schema.org","@graph":[{"@type":"WebPage","@id":"https:\/\/fisiocomas.es\/terapias-integrales-en-fisiocomas\/","url":"https:\/\/fisiocomas.es\/terapias-integrales-en-fisiocomas\/","name":"Ter\u00e0pies integrals a Fisiocomas - Fisio Comas","isPartOf":{"@id":"https:\/\/fisiocomas.es\/#website"},"datePublished":"2025-09-23T09:03:02+00:00","dateModified":"2025-09-26T07:57:15+00:00","description":"Les ter\u00e0pies integrals a Fisiocomes combinen diferents disciplines per cuidar el teu benestar f\u00edsic i emocional de manera hol\u00edstica.","breadcrumb":{"@id":"https:\/\/fisiocomas.es\/terapias-integrales-en-fisiocomas\/#breadcrumb"},"inLanguage":"ca","potentialAction":[{"@type":"ReadAction","target":["https:\/\/fisiocomas.es\/terapias-integrales-en-fisiocomas\/"]}]},{"@type":"BreadcrumbList","@id":"https:\/\/fisiocomas.es\/terapias-integrales-en-fisiocomas\/#breadcrumb","itemListElement":[{"@type":"ListItem","position":1,"name":"Portada","item":"https:\/\/fisiocomas.es\/ca\/"},{"@type":"ListItem","position":2,"name":"Ter\u00e0pies integrals a Fisiocomas"}]},{"@type":"WebSite","@id":"https:\/\/fisiocomas.es\/#website","url":"https:\/\/fisiocomas.es\/","name":"Fisio Comas","description":"Centro de fisioterapia en Balaguer","potentialAction":[{"@type":"SearchAction","target":{"@type":"EntryPoint","urlTemplate":"https:\/\/fisiocomas.es\/?s={search_term_string}"},"query-input":{"@type":"PropertyValueSpecification","valueRequired":true,"valueName":"search_term_string"}}],"inLanguage":"ca"}]}},"_links":{"self":[{"href":"https:\/\/fisiocomas.es\/ca\/wp-json\/wp\/v2\/pages\/54","targetHints":{"allow":["GET"]}}],"collection":[{"href":"https:\/\/fisiocomas.es\/ca\/wp-json\/wp\/v2\/pages"}],"about":[{"href":"https:\/\/fisiocomas.es\/ca\/wp-json\/wp\/v2\/types\/page"}],"author":[{"embeddable":true,"href":"https:\/\/fisiocomas.es\/ca\/wp-json\/wp\/v2\/users\/1"}],"replies":[{"embeddable":true,"href":"https:\/\/fisiocomas.es\/ca\/wp-json\/wp\/v2\/comments?post=54"}],"version-history":[{"count":2,"href":"https:\/\/fisiocomas.es\/ca\/wp-json\/wp\/v2\/pages\/54\/revisions"}],"predecessor-version":[{"id":56,"href":"https:\/\/fisiocomas.es\/ca\/wp-json\/wp\/v2\/pages\/54\/revisions\/56"}],"wp:attachment":[{"href":"https:\/\/fisiocomas.es\/ca\/wp-json\/wp\/v2\/media?parent=54"}],"curies":[{"name":"wp","href":"https:\/\/api.w.org\/{rel}","templated":true}]}}